{"id":717,"date":"2015-01-19T09:51:41","date_gmt":"2015-01-19T08:51:41","guid":{"rendered":"http:\/\/turodeguiera.cat\/bloc\/?page_id=717"},"modified":"2021-06-20T15:28:21","modified_gmt":"2021-06-20T14:28:21","slug":"menu-del-menjador","status":"publish","type":"page","link":"http:\/\/turodeguiera.cat\/bloc\/escola\/menu-del-menjador\/","title":{"rendered":"Men\u00fa del menjador"},"content":{"rendered":"<table class=\" aligncenter\" cellspacing=\"4\">\n<tbody>\n<tr>\n<td>El servei de menjador de l\u2019escola est\u00e0 gestionat per l\u2019Associaci\u00f3 de Mares i Pares de l\u2019escola que contracta l\u2019empresa \u201cLa Vostra Cuina S.L.\u201d<\/td>\n<\/tr>\n<tr>\n<td>Cada mat\u00ed, de 9 a 10, la coordinadora del menjador \u00e9s a l\u2019escola per atendre les fam\u00edlies. Tamb\u00e9 podeu adre\u00e7ar-vos al tel\u00e8fon 608.76.25.99, on podeu deixar un missatge comunicant qualsevol incid\u00e8ncia.<\/td>\n<\/tr>\n<tr>\n<td>Recordeu que sempre que el vostre fill\/a hagi de faltar al menjador ( per malaltia, dinar a casa d\u2019un amic, venir vosaltres a buscar-lo&#8230;) heu d\u2019avisar al tutor\/-a i a l\u2019empresa a trav\u00e9s de la coordinadora.<\/td>\n<\/tr>\n<tr>\n<td align=\"center\" height=\"50\">\n<h3>9 a 10 del mat\u00ed al tel\u00e8fon 608.76.25.99<\/h3>\n<\/td>\n<\/tr>\n<\/tbody>\n<\/table>\n<p>&nbsp;<\/p>\n<table border=\"0\" width=\"100%\" cellspacing=\"4\" cellpadding=\"0\">\n<tbody>\n<tr>\n<td>\n<table border=\"1\" width=\"100%\" cellspacing=\"0\" cellpadding=\"8\">\n<tbody>\n<tr bgcolor=\"#99FFFF\">\n<td class=\"SeccioWeb\" align=\"right\" valign=\"middle\">MEN\u00da SETMANAL DEL MENJADOR<\/td>\n<\/tr>\n<\/tbody>\n<\/table>\n<\/td>\n<\/tr>\n<tr>\n<td>Setmana del 21 de Juny al 22 de Juny<\/td>\n<\/tr>\n<tr>\n<td>\n<table border=\"0\" width=\"100%\" cellspacing=\"0\" cellpadding=\"0\">\n<tbody>\n<tr>\n<td colspan=\"5\"><\/td>\n<\/tr>\n<tr>\n<td><\/td>\n<td class=\"normal12_Negreta\" valign=\"top\"><\/td>\n<td class=\"dia_setmana\" align=\"left\" valign=\"top\"><\/td>\n<td><\/td>\n<td>\n<table border=\"1\" width=\"470\" cellspacing=\"0\" cellpadding=\"4\" bgcolor=\"#FFFFCC\">\n<tbody>\n<tr>\n<td class=\"normal12_Negreta\" width=\"85\"><\/td>\n<td class=\"normal12_Negreta\"><\/td>\n<\/tr>\n<\/tbody>\n<\/table>\n<\/td>\n<\/tr>\n<tr>\n<td width=\"8\"><\/td>\n<td class=\"normal12_Negreta\" valign=\"top\" width=\"76\">Dilluns<\/td>\n<td class=\"dia_setmana\" align=\"left\" valign=\"top\" width=\"109\">\u00a0 21 de Juny<\/td>\n<td width=\"7\"><\/td>\n<td>\n<table border=\"1\" width=\"470\" cellspacing=\"0\" cellpadding=\"4\" bgcolor=\"#FFFFCC\">\n<tbody>\n<tr>\n<td class=\"normal12_Negreta\" width=\"85\">Primer plat<\/td>\n<td class=\"plat_menu\">Llenties amb verdures<\/td>\n<\/tr>\n<tr>\n<td class=\"normal12_Negreta\" width=\"85\">Segon plat<\/td>\n<td class=\"plat_menu\">Filet de llu\u00e7(enfarinat) amb enciam i tom\u00e0quet<\/td>\n<\/tr>\n<tr>\n<td class=\"normal12_Negreta\" width=\"85\">Postres<\/td>\n<td class=\"plat_menu\">Fruita de temporada<\/td>\n<\/tr>\n<\/tbody>\n<\/table>\n<\/td>\n<\/tr>\n<tr>\n<td><\/td>\n<td class=\"normal12_Negreta\" valign=\"top\">Dimarts<\/td>\n<td class=\"dia_setmana\" align=\"left\" valign=\"top\">\u00a0 22 de Juny<\/td>\n<td><\/td>\n<td>\n<table style=\"height: 72px\" border=\"1\" width=\"470\" cellspacing=\"0\" cellpadding=\"4\" bgcolor=\"#FFFFCC\">\n<tbody>\n<tr style=\"height: 24px\">\n<td class=\"normal12_Negreta\" style=\"height: 24px\" width=\"85\">Primer plat<\/td>\n<td class=\"plat_menu\" style=\"height: 24px\">Macarrons amb tom\u00e0quet<\/td>\n<\/tr>\n<tr style=\"height: 24px\">\n<td class=\"normal12_Negreta\" style=\"height: 24px\" width=\"85\">Segon plat<\/td>\n<td class=\"plat_menu\" style=\"height: 24px\">Nuguets de pollastre amb xips<\/td>\n<\/tr>\n<tr style=\"height: 24px\">\n<td class=\"normal12_Negreta\" style=\"height: 24px\" width=\"85\">Postres<\/td>\n<td class=\"plat_menu\" style=\"height: 24px\">Gelat<\/td>\n<\/tr>\n<\/tbody>\n<\/table>\n<\/td>\n<\/tr>\n<tr>\n<td><\/td>\n<td class=\"normal12_Negreta\" valign=\"top\">Dimecres<\/td>\n<td class=\"dia_setmana\" align=\"left\" valign=\"top\"><\/td>\n<td><\/td>\n<td>\n<table border=\"1\" width=\"470\" cellspacing=\"0\" cellpadding=\"4\" bgcolor=\"#FFFFCC\">\n<tbody>\n<tr>\n<td class=\"normal12_Negreta\" style=\"width: 94px\" width=\"84\">Primer plat<\/td>\n<td class=\"plat_menu\" style=\"width: 374px\"><\/td>\n<\/tr>\n<tr>\n<td class=\"normal12_Negreta\" style=\"width: 94px\" width=\"84\">Segon plat<\/td>\n<td class=\"plat_menu\" style=\"width: 374px\"><\/td>\n<\/tr>\n<tr>\n<td class=\"normal12_Negreta\" style=\"width: 94px\" width=\"84\">Postres<\/td>\n<td class=\"plat_menu\" style=\"width: 374px\"><\/td>\n<\/tr>\n<\/tbody>\n<\/table>\n<\/td>\n<\/tr>\n<tr>\n<td><\/td>\n<td class=\"normal12_Negreta\" valign=\"top\">Dijous<\/td>\n<td class=\"dia_setmana\" align=\"left\" valign=\"top\"><\/td>\n<td><\/td>\n<td>\n<table border=\"1\" width=\"470\" cellspacing=\"0\" cellpadding=\"4\" bgcolor=\"#FFFFCC\">\n<tbody>\n<tr>\n<td class=\"normal12_Negreta\" width=\"85\">Primer plat<\/td>\n<td class=\"plat_menu\"><\/td>\n<\/tr>\n<tr>\n<td class=\"normal12_Negreta\" width=\"85\">Segon plat<\/td>\n<td class=\"plat_menu\"><\/td>\n<\/tr>\n<tr>\n<td class=\"normal12_Negreta\" width=\"85\">Postres<\/td>\n<td class=\"plat_menu\"><\/td>\n<\/tr>\n<\/tbody>\n<\/table>\n<\/td>\n<\/tr>\n<tr>\n<td><\/td>\n<td class=\"normal12_Negreta\" valign=\"top\">Divendres<\/td>\n<td class=\"dia_setmana\" align=\"left\" valign=\"top\"><\/td>\n<td><\/td>\n<td>\n<table style=\"height: 96px\" border=\"1\" width=\"470\" cellspacing=\"0\" cellpadding=\"4\" bgcolor=\"#FFFFCC\">\n<tbody>\n<tr style=\"height: 48px\">\n<td class=\"normal12_Negreta\" style=\"height: 48px\" width=\"84\">Primer plat<\/td>\n<td class=\"plat_menu\" style=\"height: 48px\"><\/td>\n<\/tr>\n<tr style=\"height: 24px\">\n<td class=\"normal12_Negreta\" style=\"height: 24px\" width=\"84\">Segon plat<\/td>\n<td class=\"plat_menu\" style=\"height: 24px\"><\/td>\n<\/tr>\n<tr style=\"height: 24px\">\n<td class=\"normal12_Negreta\" style=\"height: 24px\" width=\"84\">Postres<\/td>\n<td class=\"plat_menu\" style=\"height: 24px\"><\/td>\n<\/tr>\n<\/tbody>\n<\/table>\n<\/td>\n<\/tr>\n<\/tbody>\n<\/table>\n<\/td>\n<\/tr>\n<\/tbody>\n<\/table>\n<p>\u00b4<\/p>\n","protected":false},"excerpt":{"rendered":"<p>El servei de menjador de l\u2019escola est\u00e0 gestionat per l\u2019Associaci\u00f3 de Mares i Pares de l\u2019escola que contracta l\u2019empresa \u201cLa Vostra Cuina S.L.\u201d Cada mat\u00ed, de 9 a 10, la coordinadora del menjador \u00e9s a l\u2019escola per atendre les fam\u00edlies. Tamb\u00e9 podeu adre\u00e7ar-vos al tel\u00e8fon 608.76.25.99, on podeu deixar un missatge comunicant qualsevol incid\u00e8ncia. Recordeu [&hellip;]<\/p>\n","protected":false},"author":3,"featured_media":0,"parent":590,"menu_order":6,"comment_status":"closed","ping_status":"closed","template":"","meta":{"ngg_post_thumbnail":0},"_links":{"self":[{"href":"http:\/\/turodeguiera.cat\/bloc\/wp-json\/wp\/v2\/pages\/717"}],"collection":[{"href":"http:\/\/turodeguiera.cat\/bloc\/wp-json\/wp\/v2\/pages"}],"about":[{"href":"http:\/\/turodeguiera.cat\/bloc\/wp-json\/wp\/v2\/types\/page"}],"author":[{"embeddable":true,"href":"http:\/\/turodeguiera.cat\/bloc\/wp-json\/wp\/v2\/users\/3"}],"replies":[{"embeddable":true,"href":"http:\/\/turodeguiera.cat\/bloc\/wp-json\/wp\/v2\/comments?post=717"}],"version-history":[{"count":245,"href":"http:\/\/turodeguiera.cat\/bloc\/wp-json\/wp\/v2\/pages\/717\/revisions"}],"predecessor-version":[{"id":5500,"href":"http:\/\/turodeguiera.cat\/bloc\/wp-json\/wp\/v2\/pages\/717\/revisions\/5500"}],"up":[{"embeddable":true,"href":"http:\/\/turodeguiera.cat\/bloc\/wp-json\/wp\/v2\/pages\/590"}],"wp:attachment":[{"href":"http:\/\/turodeguiera.cat\/bloc\/wp-json\/wp\/v2\/media?parent=717"}],"curies":[{"name":"wp","href":"https:\/\/api.w.org\/{rel}","templated":true}]}}